{"id":7436,"date":"2014-12-31T19:34:33","date_gmt":"2014-12-31T17:34:33","guid":{"rendered":"http:\/\/www.mourioche.de\/?page_id=7436"},"modified":"2018-09-25T20:52:56","modified_gmt":"2018-09-25T18:52:56","slug":"unsere-hunde","status":"publish","type":"page","link":"https:\/\/www.mourioche.de\/?page_id=7436","title":{"rendered":"Unsere Hunde"},"content":{"rendered":"<p style=\"text-align: center;\"><strong>Zuchth\u00fcndinnen<\/strong><\/p>\n<p style=\"text-align: center;\"><a href=\"https:\/\/www.mourioche.de\/wpmourio\/wp-content\/uploads\/2013\/04\/lulu1.jpg\"><img loading=\"lazy\" decoding=\"async\" class=\"aligncenter wp-image-6218 size-medium\" src=\"https:\/\/www.mourioche.de\/wpmourio\/wp-content\/uploads\/2013\/04\/lulu1-300x199.jpg\" alt=\"lulu1\" width=\"300\" height=\"199\" srcset=\"https:\/\/www.mourioche.de\/wpmourio\/wp-content\/uploads\/2013\/04\/lulu1-300x199.jpg 300w, https:\/\/www.mourioche.de\/wpmourio\/wp-content\/uploads\/2013\/04\/lulu1-150x99.jpg 150w, https:\/\/www.mourioche.de\/wpmourio\/wp-content\/uploads\/2013\/04\/lulu1-400x266.jpg 400w, https:\/\/www.mourioche.de\/wpmourio\/wp-content\/uploads\/2013\/04\/lulu1.jpg 800w\" sizes=\"auto, (max-width: 300px) 100vw, 300px\" \/><\/a><\/p>\n<p style=\"text-align: center;\"><strong>Luthien du Val du Vent Dore &#8222;Lulu&#8220;<\/strong><\/p>\n<p style=\"text-align: center;\">Berger des Pyr\u00e9n\u00e9es (Face Rase), schwarz<\/p>\n<p style=\"text-align: center;\">geboren 27.03.2012<\/p>\n<p style=\"text-align: center;\">HD A<\/p>\n<p style=\"text-align: center;\">W\u00fcrfe: <a href=\"https:\/\/www.mourioche.de\/?page_id=9199\">K<\/a> du Mourioche<\/p>\n<p style=\"text-align: center;\"><a title=\"Pedigree Lulu\" href=\"https:\/\/www.mourioche.de\/wpmourio\/wp-content\/uploads\/2014\/12\/Pedigree_Lulu.jpg\">Pedigree<\/a><\/p>\n<p style=\"text-align: center;\"><a href=\"https:\/\/www.mourioche.de\/wpmourio\/wp-content\/uploads\/2014\/12\/eala11.jpg\"><img loading=\"lazy\" decoding=\"async\" class=\"alignnone wp-image-8081 size-medium\" src=\"https:\/\/www.mourioche.de\/wpmourio\/wp-content\/uploads\/2014\/12\/eala11-200x300.jpg\" alt=\"eala1\" width=\"200\" height=\"300\" srcset=\"https:\/\/www.mourioche.de\/wpmourio\/wp-content\/uploads\/2014\/12\/eala11-200x300.jpg 200w, https:\/\/www.mourioche.de\/wpmourio\/wp-content\/uploads\/2014\/12\/eala11-682x1024.jpg 682w, https:\/\/www.mourioche.de\/wpmourio\/wp-content\/uploads\/2014\/12\/eala11-100x150.jpg 100w, https:\/\/www.mourioche.de\/wpmourio\/wp-content\/uploads\/2014\/12\/eala11-400x600.jpg 400w, https:\/\/www.mourioche.de\/wpmourio\/wp-content\/uploads\/2014\/12\/eala11.jpg 800w\" sizes=\"auto, (max-width: 200px) 100vw, 200px\" \/><\/a><\/p>\n<p>&nbsp;<\/p>\n<p style=\"text-align: center;\"><strong>Eala du Mourioche<\/strong><\/p>\n<p style=\"text-align: center;\">Berger des Pyr\u00e9n\u00e9es, harlekin<\/p>\n<p style=\"text-align: center;\">geboren 13.02.2013<\/p>\n<p style=\"text-align: center;\">HD A<\/p>\n<p style=\"text-align: center;\">W\u00fcrfe: <a href=\"https:\/\/www.mourioche.de\/?page_id=8334\">I,\u00a0<\/a><a href=\"https:\/\/www.mourioche.de\/?page_id=10212\">N<\/a> du Mourioche<\/p>\n<p style=\"text-align: center;\"><a href=\"https:\/\/www.mourioche.de\/wpmourio\/wp-content\/uploads\/2016\/04\/sitz1.jpg\"><img loading=\"lazy\" decoding=\"async\" class=\"alignnone wp-image-9034 size-medium\" src=\"https:\/\/www.mourioche.de\/wpmourio\/wp-content\/uploads\/2016\/04\/sitz1-232x300.jpg\" alt=\"sitz1\" width=\"232\" height=\"300\" srcset=\"https:\/\/www.mourioche.de\/wpmourio\/wp-content\/uploads\/2016\/04\/sitz1-232x300.jpg 232w, https:\/\/www.mourioche.de\/wpmourio\/wp-content\/uploads\/2016\/04\/sitz1-793x1024.jpg 793w, https:\/\/www.mourioche.de\/wpmourio\/wp-content\/uploads\/2016\/04\/sitz1-116x150.jpg 116w, https:\/\/www.mourioche.de\/wpmourio\/wp-content\/uploads\/2016\/04\/sitz1-400x516.jpg 400w, https:\/\/www.mourioche.de\/wpmourio\/wp-content\/uploads\/2016\/04\/sitz1.jpg 800w\" sizes=\"auto, (max-width: 232px) 100vw, 232px\" \/><\/a><\/p>\n<p>&nbsp;<\/p>\n<p style=\"text-align: center;\">\u00a0<strong>Mon Gentil Ami Jule<\/strong><\/p>\n<p style=\"text-align: center;\">Berger des Pyr\u00e9n\u00e9es, fauve<\/p>\n<p style=\"text-align: center;\">geboren 16.03.2013<\/p>\n<p style=\"text-align: center;\">HD A<\/p>\n<p style=\"text-align: center;\">W\u00fcrfe: <a href=\"https:\/\/www.mourioche.de\/?page_id=7844\">H<\/a>, <a href=\"https:\/\/www.mourioche.de\/?page_id=9806\">L,<\/a>\u00a0<a href=\"https:\/\/www.mourioche.de\/?page_id=10359\">O<\/a> du Mourioche<\/p>\n<p style=\"text-align: center;\"><a title=\"Pedigree Jule\" href=\"https:\/\/www.mourioche.de\/wpmourio\/wp-content\/uploads\/2014\/12\/Pedigree-Jule.jpg\">Pedigree<\/a><\/p>\n<p style=\"text-align: center;\"><a href=\"https:\/\/www.mourioche.de\/wpmourio\/wp-content\/uploads\/2015\/06\/mimi1.jpg\"><img loading=\"lazy\" decoding=\"async\" class=\"alignnone size-medium wp-image-8281\" src=\"https:\/\/www.mourioche.de\/wpmourio\/wp-content\/uploads\/2015\/06\/mimi1-300x199.jpg\" alt=\"mimi1\" width=\"300\" height=\"199\" srcset=\"https:\/\/www.mourioche.de\/wpmourio\/wp-content\/uploads\/2015\/06\/mimi1-300x199.jpg 300w, https:\/\/www.mourioche.de\/wpmourio\/wp-content\/uploads\/2015\/06\/mimi1-150x99.jpg 150w, https:\/\/www.mourioche.de\/wpmourio\/wp-content\/uploads\/2015\/06\/mimi1-400x266.jpg 400w, https:\/\/www.mourioche.de\/wpmourio\/wp-content\/uploads\/2015\/06\/mimi1.jpg 800w\" sizes=\"auto, (max-width: 300px) 100vw, 300px\" \/><\/a><\/p>\n<p>&nbsp;<\/p>\n<p style=\"text-align: center;\"><strong>K\u00f6ves Berci Betyar Imola &#8222;Mimi&#8220;<\/strong><\/p>\n<p style=\"text-align: center;\">Mudi, cifra<\/p>\n<p style=\"text-align: center;\">geboren 24.04.2014<\/p>\n<p style=\"text-align: center;\">HD A, Pl 0,\u00a0frei von erblichen Augenkrankheiten<\/p>\n<p style=\"text-align: center;\">W\u00fcrfe: Mudi <a href=\"https:\/\/www.mourioche.de\/?page_id=9112\">A,<\/a>\u00a0<a href=\"https:\/\/www.mourioche.de\/?page_id=10177\">B<\/a> du Mourioche<\/p>\n<p style=\"text-align: center;\"><a title=\"Pedigree Mimi\" href=\"https:\/\/www.mourioche.de\/wpmourio\/wp-content\/uploads\/2014\/12\/Pedigree_Mimi.jpg\">Pedigree<\/a><\/p>\n<hr \/>\n<p style=\"text-align: center;\">Deckr\u00fcden &#8222;du Mourioche&#8220; finden Sie <a href=\"https:\/\/www.mourioche.de\/?page_id=6086\">hier&#8230;<\/a><\/p>\n<p style=\"text-align: center;\">stud dogs &#8222;du Mourioche&#8220; <a href=\"https:\/\/www.mourioche.de\/?page_id=6086\">click here&#8230;<\/a><\/p>\n<hr \/>\n<p style=\"text-align: center;\"><strong>Rentner<\/strong><\/p>\n<p style=\"text-align: center;\"><a href=\"https:\/\/www.mourioche.de\/wpmourio\/wp-content\/uploads\/2014\/01\/bletta1.jpg\"> <img loading=\"lazy\" decoding=\"async\" class=\"aligncenter size-medium wp-image-7040\" src=\"https:\/\/www.mourioche.de\/wpmourio\/wp-content\/uploads\/2014\/01\/bletta1-300x199.jpg\" alt=\"bletta1\" width=\"300\" height=\"199\" srcset=\"https:\/\/www.mourioche.de\/wpmourio\/wp-content\/uploads\/2014\/01\/bletta1-300x199.jpg 300w, https:\/\/www.mourioche.de\/wpmourio\/wp-content\/uploads\/2014\/01\/bletta1-150x99.jpg 150w, https:\/\/www.mourioche.de\/wpmourio\/wp-content\/uploads\/2014\/01\/bletta1-400x266.jpg 400w, https:\/\/www.mourioche.de\/wpmourio\/wp-content\/uploads\/2014\/01\/bletta1.jpg 800w\" sizes=\"auto, (max-width: 300px) 100vw, 300px\" \/><\/a><\/p>\n<p>&nbsp;<\/p>\n<p style=\"text-align: center;\"><strong>\u00a0Bletta de Kliandie<\/strong><\/p>\n<p style=\"text-align: center;\">Berger des Py\u00e9n\u00e9es, harlekin<\/p>\n<p style=\"text-align: center;\">geboren 11.01.2005<\/p>\n<p style=\"text-align: center;\">HD A<\/p>\n<p style=\"text-align: center;\">Agility A3, Mantrailing im Aufbau<\/p>\n<p style=\"text-align: center;\">W\u00fcrfe: <a href=\"https:\/\/www.mourioche.de\/?page_id=1317\">A<\/a>, <a href=\"https:\/\/www.mourioche.de\/?page_id=1319\">B<\/a>, <a href=\"https:\/\/www.mourioche.de\/?page_id=1329\">C<\/a>, <a href=\"https:\/\/www.mourioche.de\/?page_id=4470\">D<\/a>, <a href=\"https:\/\/www.mourioche.de\/?page_id=5664\">E<\/a> du Mourioche<\/p>\n<p style=\"text-align: center;\"><a href=\"https:\/\/www.mourioche.de\/wpmourio\/wp-content\/uploads\/2011\/01\/pdbletta.html\">Pedigree<\/a><\/p>\n<p><img loading=\"lazy\" decoding=\"async\" class=\"aligncenter size-medium wp-image-6437\" src=\"https:\/\/www.mourioche.de\/wpmourio\/wp-content\/uploads\/2013\/08\/dasda3-300x199.jpg\" alt=\"dasda3\" width=\"300\" height=\"199\" srcset=\"https:\/\/www.mourioche.de\/wpmourio\/wp-content\/uploads\/2013\/08\/dasda3-300x199.jpg 300w, https:\/\/www.mourioche.de\/wpmourio\/wp-content\/uploads\/2013\/08\/dasda3-150x99.jpg 150w, https:\/\/www.mourioche.de\/wpmourio\/wp-content\/uploads\/2013\/08\/dasda3-400x266.jpg 400w, https:\/\/www.mourioche.de\/wpmourio\/wp-content\/uploads\/2013\/08\/dasda3.jpg 800w\" sizes=\"auto, (max-width: 300px) 100vw, 300px\" \/><\/p>\n<p style=\"text-align: center;\"><strong>Brandagambar du Mourioche &#8222;Das Da&#8220;<\/strong><\/p>\n<p style=\"text-align: center;\">Berger des Pyr\u00e9n\u00e9es, harlekin<\/p>\n<p style=\"text-align: center;\">geboren 14.07.2009<\/p>\n<p style=\"text-align: center;\">HD A<\/p>\n<p style=\"text-align: center;\">Agility A3<\/p>\n<p style=\"text-align: center;\">W\u00fcrfe: <a href=\"https:\/\/www.mourioche.de\/?page_id=6514\">F<\/a>. <a href=\"https:\/\/www.mourioche.de\/?page_id=7405\">G, J, M<\/a> du Mourioche<\/p>\n<p style=\"text-align: center;\"><a title=\"Pedigree Dasda\" href=\"https:\/\/www.mourioche.de\/wpmourio\/wp-content\/uploads\/2014\/12\/Pedigree_DasDa.jpg\">Pedigree<\/a><\/p>\n<hr \/>\n<p style=\"text-align: center;\"><strong>in Memoriam<\/strong><\/p>\n<p>&nbsp;<\/p>\n<p style=\"text-align: center;\"><a href=\"https:\/\/www.mourioche.de\/wpmourio\/wp-content\/uploads\/2014\/12\/digger3.jpg\"><img loading=\"lazy\" decoding=\"async\" class=\"aligncenter size-medium wp-image-7461\" src=\"https:\/\/www.mourioche.de\/wpmourio\/wp-content\/uploads\/2014\/12\/digger3-300x199.jpg\" alt=\"digger3\" width=\"300\" height=\"199\" srcset=\"https:\/\/www.mourioche.de\/wpmourio\/wp-content\/uploads\/2014\/12\/digger3-300x199.jpg 300w, https:\/\/www.mourioche.de\/wpmourio\/wp-content\/uploads\/2014\/12\/digger3-150x99.jpg 150w, https:\/\/www.mourioche.de\/wpmourio\/wp-content\/uploads\/2014\/12\/digger3-400x266.jpg 400w, https:\/\/www.mourioche.de\/wpmourio\/wp-content\/uploads\/2014\/12\/digger3.jpg 800w\" sizes=\"auto, (max-width: 300px) 100vw, 300px\" \/><\/a><strong>\u00a0Digger<\/strong><\/p>\n<p style=\"text-align: center;\">Mischling<\/p>\n<p style=\"text-align: center;\">26.08.1996 &#8211; 02.04.2012<\/p>\n<p style=\"text-align: center;\">HD frei (laut Tierarzt)<\/p>\n<p style=\"text-align: center;\">Agility A3<\/p>\n<p style=\"text-align: center;\"><a href=\"https:\/\/www.mourioche.de\/wpmourio\/wp-content\/uploads\/2014\/12\/bonny.jpg\"><img loading=\"lazy\" decoding=\"async\" class=\"aligncenter size-medium wp-image-7437\" src=\"https:\/\/www.mourioche.de\/wpmourio\/wp-content\/uploads\/2014\/12\/bonny-300x199.jpg\" alt=\"bonny\" width=\"300\" height=\"199\" srcset=\"https:\/\/www.mourioche.de\/wpmourio\/wp-content\/uploads\/2014\/12\/bonny-300x199.jpg 300w, https:\/\/www.mourioche.de\/wpmourio\/wp-content\/uploads\/2014\/12\/bonny-150x99.jpg 150w, https:\/\/www.mourioche.de\/wpmourio\/wp-content\/uploads\/2014\/12\/bonny-400x266.jpg 400w, https:\/\/www.mourioche.de\/wpmourio\/wp-content\/uploads\/2014\/12\/bonny.jpg 800w\" sizes=\"auto, (max-width: 300px) 100vw, 300px\" \/><\/a><\/p>\n<p style=\"text-align: center;\"><strong>Lange\u00b4s Bonny<\/strong><\/p>\n<p style=\"text-align: center;\">Border Collie, schwarz\/wei\u00df<\/p>\n<p style=\"text-align: center;\">\u00a001.05.2000 &#8211; 14.10.2016<\/p>\n<p style=\"text-align: center;\">HD frei (lt. Tierarzt)<\/p>\n<p style=\"text-align: center;\">Agility A3<\/p>\n<p style=\"text-align: center;\">\n","protected":false},"excerpt":{"rendered":"<p>Zuchth\u00fcndinnen Luthien du Val du Vent Dore &#8222;Lulu&#8220; Berger des Pyr\u00e9n\u00e9es (Face Rase), schwarz geboren 27.03.2012 HD A W\u00fcrfe: K du Mourioche Pedigree &nbsp; Eala du Mourioche Berger des Pyr\u00e9n\u00e9es, harlekin geboren 13.02.2013 HD A W\u00fcrfe: I,\u00a0N du Mourioche &nbsp; \u00a0Mon Gentil Ami Jule Berger des Pyr\u00e9n\u00e9es, fauve geboren 16.03.2013 HD A W\u00fcrfe: H, L,\u00a0O &hellip; <a href=\"https:\/\/www.mourioche.de\/?page_id=7436\" class=\"more-link\"><span class=\"screen-reader-text\">Unsere Hunde<\/span> weiterlesen <span class=\"meta-nav\">&rarr;<\/span><\/a><\/p>\n","protected":false},"author":2,"featured_media":0,"parent":0,"menu_order":0,"comment_status":"open","ping_status":"open","template":"","meta":{"footnotes":""},"class_list":["post-7436","page","type-page","status-publish","hentry"],"_links":{"self":[{"href":"https:\/\/www.mourioche.de\/index.php?rest_route=\/wp\/v2\/pages\/7436","targetHints":{"allow":["GET"]}}],"collection":[{"href":"https:\/\/www.mourioche.de\/index.php?rest_route=\/wp\/v2\/pages"}],"about":[{"href":"https:\/\/www.mourioche.de\/index.php?rest_route=\/wp\/v2\/types\/page"}],"author":[{"embeddable":true,"href":"https:\/\/www.mourioche.de\/index.php?rest_route=\/wp\/v2\/users\/2"}],"replies":[{"embeddable":true,"href":"https:\/\/www.mourioche.de\/index.php?rest_route=%2Fwp%2Fv2%2Fcomments&post=7436"}],"version-history":[{"count":21,"href":"https:\/\/www.mourioche.de\/index.php?rest_route=\/wp\/v2\/pages\/7436\/revisions"}],"predecessor-version":[{"id":10387,"href":"https:\/\/www.mourioche.de\/index.php?rest_route=\/wp\/v2\/pages\/7436\/revisions\/10387"}],"wp:attachment":[{"href":"https:\/\/www.mourioche.de\/index.php?rest_route=%2Fwp%2Fv2%2Fmedia&parent=7436"}],"curies":[{"name":"wp","href":"https:\/\/api.w.org\/{rel}","templated":true}]}}